{"version":"1.0","provider_name":"CargoM","provider_url":"https:\/\/www.cargo-montreal.ca\/fr\/","author_name":"Karine Dudognon","author_url":"https:\/\/www.cargo-montreal.ca\/fr\/author\/karine\/","title":"Association du camionnage du Qu\u00e9bec - CargoM","type":"rich","width":600,"height":338,"html":"<blockquote class=\"wp-embedded-content\" data-secret=\"sA3Pn4YsZz\"><a href=\"https:\/\/www.cargo-montreal.ca\/fr\/new-association-du-camionnage-du-quebec\/\">Association du camionnage du Qu\u00e9bec<\/a><\/blockquote><iframe sandbox=\"allow-scripts\" security=\"restricted\" src=\"https:\/\/www.cargo-montreal.ca\/fr\/new-association-du-camionnage-du-quebec\/embed\/#?secret=sA3Pn4YsZz\" width=\"600\" height=\"338\" title=\"\u00ab\u00a0Association du camionnage du Qu\u00e9bec\u00a0\u00bb &#8212; CargoM\" data-secret=\"sA3Pn4YsZz\" frameborder=\"0\" marginwidth=\"0\" marginheight=\"0\" scrolling=\"no\" class=\"wp-embedded-content\"><\/iframe><script type=\"text\/javascript\">\n\/* <![CDATA[ *\/\n\/*! This file is auto-generated *\/\n!function(d,l){\"use strict\";l.querySelector&&d.addEventListener&&\"undefined\"!=typeof URL&&(d.wp=d.wp||{},d.wp.receiveEmbedMessage||(d.wp.receiveEmbedMessage=function(e){var t=e.data;if((t||t.secret||t.message||t.value)&&!\/[^a-zA-Z0-9]\/.test(t.secret)){for(var s,r,n,a=l.querySelectorAll('iframe[data-secret=\"'+t.secret+'\"]'),o=l.querySelectorAll('blockquote[data-secret=\"'+t.secret+'\"]'),c=new RegExp(\"^https?:$\",\"i\"),i=0;i<o.length;i++)o[i].style.display=\"none\";for(i=0;i<a.length;i++)s=a[i],e.source===s.contentWindow&&(s.removeAttribute(\"style\"),\"height\"===t.message?(1e3<(r=parseInt(t.value,10))?r=1e3:~~r<200&&(r=200),s.height=r):\"link\"===t.message&&(r=new URL(s.getAttribute(\"src\")),n=new URL(t.value),c.test(n.protocol))&&n.host===r.host&&l.activeElement===s&&(d.top.location.href=t.value))}},d.addEventListener(\"message\",d.wp.receiveEmbedMessage,!1),l.addEventListener(\"DOMContentLoaded\",function(){for(var e,t,s=l.querySelectorAll(\"iframe.wp-embedded-content\"),r=0;r<s.length;r++)(t=(e=s[r]).getAttribute(\"data-secret\"))||(t=Math.random().toString(36).substring(2,12),e.src+=\"#?secret=\"+t,e.setAttribute(\"data-secret\",t)),e.contentWindow.postMessage({message:\"ready\",secret:t},\"*\")},!1)))}(window,document);\n\/\/# sourceURL=https:\/\/www.cargo-montreal.ca\/wp-includes\/js\/wp-embed.min.js\n\/* ]]> *\/\n<\/script>\n","thumbnail_url":"https:\/\/www.cargo-montreal.ca\/wp-content\/uploads\/2022\/05\/Logo-ACQ-1.jpg","thumbnail_width":690,"thumbnail_height":273,"description":"En tout temps en pr\u00e9sentiel et en ligne Nouvelles obligations sur la pr\u00e9vention du harc\u00e8lement et de la violence dans le lieu de travail Formations en ligne 1er juin 2022\u00a0\u2013\u00a0Les heures de service (\u00c9tats-Unis) 15 juin 2022\u00a0\u2013\u00a0La norme nord-am\u00e9ricaine sur l\u2019arrimage des cargaisons Consultez l\u2019offre compl\u00e8te de formations"}