{"version":"1.0","provider_name":"CargoM","provider_url":"https:\/\/www.cargo-montreal.ca\/fr\/","author_name":"Karine Dudognon","author_url":"https:\/\/www.cargo-montreal.ca\/fr\/author\/karine\/","title":"C\u00e9gep Andr\u00e9-Laurendeau - CargoM","type":"rich","width":600,"height":338,"html":"<blockquote class=\"wp-embedded-content\" data-secret=\"8a6N5wykFl\"><a href=\"https:\/\/www.cargo-montreal.ca\/fr\/new-cegep-andre-laurendeau-2\/\">C\u00e9gep Andr\u00e9-Laurendeau<\/a><\/blockquote><iframe sandbox=\"allow-scripts\" security=\"restricted\" src=\"https:\/\/www.cargo-montreal.ca\/fr\/new-cegep-andre-laurendeau-2\/embed\/#?secret=8a6N5wykFl\" width=\"600\" height=\"338\" title=\"\u00ab\u00a0C\u00e9gep Andr\u00e9-Laurendeau\u00a0\u00bb &#8212; CargoM\" data-secret=\"8a6N5wykFl\" frameborder=\"0\" marginwidth=\"0\" marginheight=\"0\" scrolling=\"no\" class=\"wp-embedded-content\"><\/iframe><script type=\"text\/javascript\">\n\/* <![CDATA[ *\/\n\/*! This file is auto-generated *\/\n!function(d,l){\"use strict\";l.querySelector&&d.addEventListener&&\"undefined\"!=typeof URL&&(d.wp=d.wp||{},d.wp.receiveEmbedMessage||(d.wp.receiveEmbedMessage=function(e){var t=e.data;if((t||t.secret||t.message||t.value)&&!\/[^a-zA-Z0-9]\/.test(t.secret)){for(var s,r,n,a=l.querySelectorAll('iframe[data-secret=\"'+t.secret+'\"]'),o=l.querySelectorAll('blockquote[data-secret=\"'+t.secret+'\"]'),c=new RegExp(\"^https?:$\",\"i\"),i=0;i<o.length;i++)o[i].style.display=\"none\";for(i=0;i<a.length;i++)s=a[i],e.source===s.contentWindow&&(s.removeAttribute(\"style\"),\"height\"===t.message?(1e3<(r=parseInt(t.value,10))?r=1e3:~~r<200&&(r=200),s.height=r):\"link\"===t.message&&(r=new URL(s.getAttribute(\"src\")),n=new URL(t.value),c.test(n.protocol))&&n.host===r.host&&l.activeElement===s&&(d.top.location.href=t.value))}},d.addEventListener(\"message\",d.wp.receiveEmbedMessage,!1),l.addEventListener(\"DOMContentLoaded\",function(){for(var e,t,s=l.querySelectorAll(\"iframe.wp-embedded-content\"),r=0;r<s.length;r++)(t=(e=s[r]).getAttribute(\"data-secret\"))||(t=Math.random().toString(36).substring(2,12),e.src+=\"#?secret=\"+t,e.setAttribute(\"data-secret\",t)),e.contentWindow.postMessage({message:\"ready\",secret:t},\"*\")},!1)))}(window,document);\n\/\/# sourceURL=https:\/\/www.cargo-montreal.ca\/wp-includes\/js\/wp-embed.min.js\n\/* ]]> *\/\n<\/script>\n","thumbnail_url":"https:\/\/www.cargo-montreal.ca\/wp-content\/uploads\/2022\/06\/FormationsCAL-5.png","thumbnail_width":1112,"thumbnail_height":628,"description":"Ne manquez pas le 6 juillet 2022\u00a0\u2013\u00a0S\u00e9ance d\u2019information sur les formations subventionn\u00e9es\u00a0(gratuite et ouvert \u00e0 tous) Attestation d\u2019\u00e9tudes coll\u00e9giales D\u00e9but 31 octobre 2022 \u2013\u00a0Logistique du transport\u00a0avec la participation financi\u00e8re du gouvernement du Qu\u00e9bec. D\u00e9but 19 septembre 2022 \u2013\u00a0Gestion des approvisionnements dans le secteur public qu\u00e9b\u00e9cois\u00a0avec la participation financi\u00e8re du gouvernement du Qu\u00e9bec. Reconnaissance des acquis [&hellip;]"}