{"version":"1.0","provider_name":"CargoM","provider_url":"https:\/\/www.cargo-montreal.ca\/fr\/","author_name":"Karine Dudognon","author_url":"https:\/\/www.cargo-montreal.ca\/fr\/author\/karine\/","title":"Prochaines activit\u00e9s et \u00e9v\u00e9nement de la grappe - CargoM","type":"rich","width":600,"height":338,"html":"<blockquote class=\"wp-embedded-content\" data-secret=\"SLUcxjEbWV\"><a href=\"https:\/\/www.cargo-montreal.ca\/fr\/prochaines-activites-et-evenement-de-la-grappe\/\">Prochaines activit\u00e9s et \u00e9v\u00e9nement de la grappe<\/a><\/blockquote><iframe sandbox=\"allow-scripts\" security=\"restricted\" src=\"https:\/\/www.cargo-montreal.ca\/fr\/prochaines-activites-et-evenement-de-la-grappe\/embed\/#?secret=SLUcxjEbWV\" width=\"600\" height=\"338\" title=\"\u00ab\u00a0Prochaines activit\u00e9s et \u00e9v\u00e9nement de la grappe\u00a0\u00bb &#8212; CargoM\" data-secret=\"SLUcxjEbWV\" frameborder=\"0\" marginwidth=\"0\" marginheight=\"0\" scrolling=\"no\" class=\"wp-embedded-content\"><\/iframe><script type=\"text\/javascript\">\n\/* <![CDATA[ *\/\n\/*! This file is auto-generated *\/\n!function(d,l){\"use strict\";l.querySelector&&d.addEventListener&&\"undefined\"!=typeof URL&&(d.wp=d.wp||{},d.wp.receiveEmbedMessage||(d.wp.receiveEmbedMessage=function(e){var t=e.data;if((t||t.secret||t.message||t.value)&&!\/[^a-zA-Z0-9]\/.test(t.secret)){for(var s,r,n,a=l.querySelectorAll('iframe[data-secret=\"'+t.secret+'\"]'),o=l.querySelectorAll('blockquote[data-secret=\"'+t.secret+'\"]'),c=new RegExp(\"^https?:$\",\"i\"),i=0;i<o.length;i++)o[i].style.display=\"none\";for(i=0;i<a.length;i++)s=a[i],e.source===s.contentWindow&&(s.removeAttribute(\"style\"),\"height\"===t.message?(1e3<(r=parseInt(t.value,10))?r=1e3:~~r<200&&(r=200),s.height=r):\"link\"===t.message&&(r=new URL(s.getAttribute(\"src\")),n=new URL(t.value),c.test(n.protocol))&&n.host===r.host&&l.activeElement===s&&(d.top.location.href=t.value))}},d.addEventListener(\"message\",d.wp.receiveEmbedMessage,!1),l.addEventListener(\"DOMContentLoaded\",function(){for(var e,t,s=l.querySelectorAll(\"iframe.wp-embedded-content\"),r=0;r<s.length;r++)(t=(e=s[r]).getAttribute(\"data-secret\"))||(t=Math.random().toString(36).substring(2,12),e.src+=\"#?secret=\"+t,e.setAttribute(\"data-secret\",t)),e.contentWindow.postMessage({message:\"ready\",secret:t},\"*\")},!1)))}(window,document);\n\/\/# sourceURL=https:\/\/www.cargo-montreal.ca\/wp-includes\/js\/wp-embed.min.js\n\/* ]]> *\/\n<\/script>\n","thumbnail_url":"https:\/\/www.cargo-montreal.ca\/wp-content\/uploads\/2025\/03\/Capture-decran-2025-03-26-124818.png","thumbnail_width":963,"thumbnail_height":429,"description":"\u25b6\ufe0f\u00a0Rencontres de chantiers CargoM invite ses membres \u00e0 participer aux prochaines rencontres de chantiers. Ces rencontres ont pour objectifs d\u2019orienter les actions de la grappe et de mettre en place des strat\u00e9gies et des projets concrets qui r\u00e9pondent \u00e0 des enjeux propres \u00e0 notre secteur. \ud83d\ude9bRencontre du\u00a0chantier 3 \u2013 Innovation et fluidit\u00e9\u00a0copr\u00e9sid\u00e9e par\u00a0Marc Cadieux\u00a0de l\u2019ACQ [&hellip;]"}