{"version":"1.0","provider_name":"CargoM","provider_url":"https:\/\/www.cargo-montreal.ca\/fr\/","author_name":"Karine Dudognon","author_url":"https:\/\/www.cargo-montreal.ca\/fr\/author\/karine\/","title":"Les \u00e9v\u00e9nements de recrutement \u00e0 l\u2019international de Talent Montr\u00e9al - CargoM","type":"rich","width":600,"height":338,"html":"<blockquote class=\"wp-embedded-content\" data-secret=\"c2huF0vxUL\"><a href=\"https:\/\/www.cargo-montreal.ca\/fr\/recrutement-et-formation\/\">Les \u00e9v\u00e9nements de recrutement \u00e0 l\u2019international de Talent Montr\u00e9al<\/a><\/blockquote><iframe sandbox=\"allow-scripts\" security=\"restricted\" src=\"https:\/\/www.cargo-montreal.ca\/fr\/recrutement-et-formation\/embed\/#?secret=c2huF0vxUL\" width=\"600\" height=\"338\" title=\"\u00ab\u00a0Les \u00e9v\u00e9nements de recrutement \u00e0 l\u2019international de Talent Montr\u00e9al\u00a0\u00bb &#8212; CargoM\" data-secret=\"c2huF0vxUL\" frameborder=\"0\" marginwidth=\"0\" marginheight=\"0\" scrolling=\"no\" class=\"wp-embedded-content\"><\/iframe><script type=\"text\/javascript\">\n\/* <![CDATA[ *\/\n\/*! This file is auto-generated *\/\n!function(d,l){\"use strict\";l.querySelector&&d.addEventListener&&\"undefined\"!=typeof URL&&(d.wp=d.wp||{},d.wp.receiveEmbedMessage||(d.wp.receiveEmbedMessage=function(e){var t=e.data;if((t||t.secret||t.message||t.value)&&!\/[^a-zA-Z0-9]\/.test(t.secret)){for(var s,r,n,a=l.querySelectorAll('iframe[data-secret=\"'+t.secret+'\"]'),o=l.querySelectorAll('blockquote[data-secret=\"'+t.secret+'\"]'),c=new RegExp(\"^https?:$\",\"i\"),i=0;i<o.length;i++)o[i].style.display=\"none\";for(i=0;i<a.length;i++)s=a[i],e.source===s.contentWindow&&(s.removeAttribute(\"style\"),\"height\"===t.message?(1e3<(r=parseInt(t.value,10))?r=1e3:~~r<200&&(r=200),s.height=r):\"link\"===t.message&&(r=new URL(s.getAttribute(\"src\")),n=new URL(t.value),c.test(n.protocol))&&n.host===r.host&&l.activeElement===s&&(d.top.location.href=t.value))}},d.addEventListener(\"message\",d.wp.receiveEmbedMessage,!1),l.addEventListener(\"DOMContentLoaded\",function(){for(var e,t,s=l.querySelectorAll(\"iframe.wp-embedded-content\"),r=0;r<s.length;r++)(t=(e=s[r]).getAttribute(\"data-secret\"))||(t=Math.random().toString(36).substring(2,12),e.src+=\"#?secret=\"+t,e.setAttribute(\"data-secret\",t)),e.contentWindow.postMessage({message:\"ready\",secret:t},\"*\")},!1)))}(window,document);\n\/\/# sourceURL=https:\/\/www.cargo-montreal.ca\/wp-includes\/js\/wp-embed.min.js\n\/* ]]> *\/\n<\/script>\n","thumbnail_url":"https:\/\/www.cargo-montreal.ca\/wp-content\/uploads\/2024\/05\/Talent-Montreal.jpg","thumbnail_width":895,"thumbnail_height":536,"description":"D\u00e9couvrez l\u2019ensemble des \u00e9v\u00e9nements de recrutement auxquels participent les entreprises du Grand Montr\u00e9al. Qu\u2019elles soient virtuelles ou en pr\u00e9sentiel, ces activit\u00e9s sont offertes \u00e0 tous les futurs travailleurs internationaux qui souhaitent propulser leur carri\u00e8re au sein d\u2019une m\u00e9tropole \u00e0 \u00e9chelle humaine et inclusive. Prochaines dates en 2024\u00a0: \u25b6\ufe0f28-29 septembre\u00a0:\u00a0Journ\u00e9es Qu\u00e9bec Belgique\u00a0(multisectoriel) \u25b6\ufe0f26-27 octobre\u00a0:\u00a0Journ\u00e9es Qu\u00e9bec Maroc\u00a0(multisectoriel) [&hellip;]"}