{"version":"1.0","provider_name":"CargoM","provider_url":"https:\/\/www.cargo-montreal.ca\/fr\/","author_name":"Karine Dudognon","author_url":"https:\/\/www.cargo-montreal.ca\/fr\/author\/karine\/","title":"Sommet Impulsion de Propulsion Qu\u00e9bec - CargoM","type":"rich","width":600,"height":338,"html":"<blockquote class=\"wp-embedded-content\" data-secret=\"rnAcLB0vwk\"><a href=\"https:\/\/www.cargo-montreal.ca\/fr\/sommet-impulsion-de-propulsion-quebec\/\">Sommet Impulsion de Propulsion Qu\u00e9bec<\/a><\/blockquote><iframe sandbox=\"allow-scripts\" security=\"restricted\" src=\"https:\/\/www.cargo-montreal.ca\/fr\/sommet-impulsion-de-propulsion-quebec\/embed\/#?secret=rnAcLB0vwk\" width=\"600\" height=\"338\" title=\"\u00ab\u00a0Sommet Impulsion de Propulsion Qu\u00e9bec\u00a0\u00bb &#8212; CargoM\" data-secret=\"rnAcLB0vwk\" frameborder=\"0\" marginwidth=\"0\" marginheight=\"0\" scrolling=\"no\" class=\"wp-embedded-content\"><\/iframe><script type=\"text\/javascript\">\n\/* <![CDATA[ *\/\n\/*! This file is auto-generated *\/\n!function(d,l){\"use strict\";l.querySelector&&d.addEventListener&&\"undefined\"!=typeof URL&&(d.wp=d.wp||{},d.wp.receiveEmbedMessage||(d.wp.receiveEmbedMessage=function(e){var t=e.data;if((t||t.secret||t.message||t.value)&&!\/[^a-zA-Z0-9]\/.test(t.secret)){for(var s,r,n,a=l.querySelectorAll('iframe[data-secret=\"'+t.secret+'\"]'),o=l.querySelectorAll('blockquote[data-secret=\"'+t.secret+'\"]'),c=new RegExp(\"^https?:$\",\"i\"),i=0;i<o.length;i++)o[i].style.display=\"none\";for(i=0;i<a.length;i++)s=a[i],e.source===s.contentWindow&&(s.removeAttribute(\"style\"),\"height\"===t.message?(1e3<(r=parseInt(t.value,10))?r=1e3:~~r<200&&(r=200),s.height=r):\"link\"===t.message&&(r=new URL(s.getAttribute(\"src\")),n=new URL(t.value),c.test(n.protocol))&&n.host===r.host&&l.activeElement===s&&(d.top.location.href=t.value))}},d.addEventListener(\"message\",d.wp.receiveEmbedMessage,!1),l.addEventListener(\"DOMContentLoaded\",function(){for(var e,t,s=l.querySelectorAll(\"iframe.wp-embedded-content\"),r=0;r<s.length;r++)(t=(e=s[r]).getAttribute(\"data-secret\"))||(t=Math.random().toString(36).substring(2,12),e.src+=\"#?secret=\"+t,e.setAttribute(\"data-secret\",t)),e.contentWindow.postMessage({message:\"ready\",secret:t},\"*\")},!1)))}(window,document);\n\/\/# sourceURL=https:\/\/www.cargo-montreal.ca\/wp-includes\/js\/wp-embed.min.js\n\/* ]]> *\/\n<\/script>\n","thumbnail_url":"https:\/\/www.cargo-montreal.ca\/wp-content\/uploads\/2023\/03\/image_50451969-1-scaled.jpg","thumbnail_width":2560,"thumbnail_height":2009,"description":"CargoM participait mardi dernier au sommet\u00a0international des transports \u00e9lectriques intelligents\u00a0Impulsion\u00a0orchestr\u00e9 par\u00a0Propulsion Qu\u00e9bec. Notre directeur g\u00e9n\u00e9ral, Mathieu Charbonneau, \u00e9tait mod\u00e9rateur lors du panel\u00a0Les d\u00e9fis du transport routier durable pour les op\u00e9rations longues distances. Les invit\u00e9s ont discut\u00e9 notamment de leur engagement dans la recherche de solutions durables, des d\u00e9fis, de leurs besoins et de leurs attentes [&hellip;]"}