{"id":16679,"date":"2024-03-28T19:26:41","date_gmt":"2024-03-28T19:26:41","guid":{"rendered":"https:\/\/www.cargo-montreal.ca\/?page_id=16679"},"modified":"2024-03-28T19:26:41","modified_gmt":"2024-03-28T19:26:41","slug":"inventaire-des-espaces-dentreposage-2","status":"publish","type":"page","link":"https:\/\/www.cargo-montreal.ca\/fr\/actions\/inventaire-des-espaces-dentreposage-2\/","title":{"rendered":"Inventaire des espaces d\u2019entreposage"},"content":{"rendered":"<h2>Mise en contexte \u2013 Inventaire des espaces d\u2019entreposage<\/h2>\r\n<p>Au d\u00e9but de la pand\u00e9mie de la COVID-19, ainsi qu\u2019aux moments forts de la crise<br \/>\r\nsanitaire, les besoins en entreposage \u00e9taient consid\u00e9rables. La fermeture des commerces et des entreprises a<br \/>\r\nengendr\u00e9 des probl\u00e9matiques d\u2019entreposage de marchandises. Afin d\u2019aider nos membres ainsi que notre secteur, CargoM<br \/>\r\na alors mis sur pied un registre d\u2019espaces libres d\u2019entreposage int\u00e9rieur et ext\u00e9rieur.<\/p>\r\n<p>Tout d\u2019abord d\u00e9velopp\u00e9 pour le Grand Montr\u00e9al, le registre recense aussi des espaces<br \/>\r\nailleurs au Qu\u00e9bec et dans le reste du Canada.\u00a0 Nous sommes confiants que cet outil aura des r\u00e9percussions positives<br \/>\r\nsur notre cha\u00eene logistique et contribuera \u00e0 rendre notre cha\u00eene logistique plus performante.<\/p>\r\n<h2>Espace d\u2019entreposage<\/h2>\r\n<ul>\r\n\t<li>Si\u00a0<strong>vous avez de l\u2019espace d\u2019entreposage exc\u00e9dentaire disponible<\/strong> (int\u00e9rieur ou ext\u00e9rieur),<br \/>\r\nveuillez remplir le formulaire en s\u00e9lectionnant le lien \u00ab\u00a0ESPACE DISPONIBLE D&rsquo;ENTREPOSAGE\u00a0\u00bb ci-dessous.<\/li>\r\n<\/ul>\r\n<div style=\"text-align: center;\">\r\n<a class=\"btn\" href=\"https:\/\/www.cargo-montreal.ca\/fr\/formulaire-espace-entreposage\/\">ESPACE DISPONIBLE D&rsquo;ENTREPOSAGE\u00a0<\/a>\r\n<a class=\"btn\" href=\" https:\/\/www.cargo-montreal.ca\/fr\/formulaire-espace-dentreposage\/\">MUTUALISATION DES ESPACES DE STOCKAGE\u00a0<\/a>\r\n<\/div>\r\n<ul>\r\n\t<li>Si\u00a0<strong>vous \u00eates \u00e0 la recherche d\u2019espace d\u2019entreposage<\/strong> (ext\u00e9rieur ou int\u00e9rieur) s\u00e9lectionnez le<br \/>\r\nlien \u00ab\u00a0RECHERCHE D&rsquo;ESPACE D&rsquo;ENTREPOSAGE\/ CONSULTATION DU TABLEAU DE BORD\u00a0\u00bb ci-dessous.<\/li>\r\n<\/ul>\r\n<div style=\"text-align: center;\"><a class=\"btn\" href=\"https:\/\/www.cargo-montreal.ca\/fr\/storage-space-dashboard\/\">RRECHERCHE D&rsquo;ESPACE D&rsquo;ENTREPOSAGE\/ CONSULTATION<br \/>\r\nDU TABLEAU DE BORD\u00a0<\/a><\/div>\r\n<p>Si vous avez des questions, contactez Amy Lombard, charg\u00e9es de projet, \u00e0 l\u2019adresse suivante : <a title=\"null\" href=\"mailto:alombard@cargo-montreal.ca\" target=\"_self\" rel=\"noopener noreferrer\">alombard@cargo-montreal.ca<\/a>.<\/p>\r\n<h2>\u00a0<\/h2>\r\n<h2>\u00a0<\/h2>\r\n<p>&nbsp;<\/p>\r\n<p>&nbsp;<\/p>\r\n<h5>Termes et conditions<\/h5>\r\n<p><em><small>CargoM se d\u00e9charge de toute responsabilit\u00e9 relativement \u00e0 l\u2019exactitude de l\u2019information affich\u00e9e sur l\u2019outil d\u2019entreposage (l\u2019\u00ab Outil \u00bb) et notamment la disponibilit\u00e9 des espaces d\u2019entreposage affich\u00e9s sur l\u2019Outil. L\u2019information affich\u00e9e sur l\u2019Outil vous est rendue disponible par CargoM \u00e0 titre informatif uniquement.<\/small><\/em> <em><small>Pour plus d\u2019information, veuillez vous r\u00e9f\u00e9rer aux conditions d\u2019utilisation dont le lien est disponible <\/small><a href=\"https:\/\/www.cargo-montreal.ca\/fr\/conditions-dutilisation-outil-espace-dentreposage\/\">ici<\/a><small>.<\/small><\/em><\/p>\r\n<hr \/>","protected":false},"excerpt":{"rendered":"Mise en contexte \u2013 Inventaire des espaces d\u2019entreposage Au d\u00e9but de la pand\u00e9mie de la COVID-19, ainsi qu\u2019aux moments forts de la crise sanitaire, les besoins en entreposage \u00e9taient consid\u00e9rables. La fermeture des commerces et des entreprises a engendr\u00e9 des probl\u00e9matiques d\u2019entreposage de marchandises. Afin d\u2019aider nos membres ainsi que notre secteur, CargoM a alors [&hellip;]","protected":false},"author":284,"featured_media":0,"parent":1756,"menu_order":5,"comment_status":"closed","ping_status":"closed","template":"","meta":{"_acf_changed":false,"footnotes":""},"class_list":["post-16679","page","type-page","status-publish","hentry"],"acf":[],"yoast_head":"<!-- This site is optimized with the Yoast SEO plugin v27.3 - https:\/\/yoast.com\/product\/yoast-seo-wordpress\/ -->\n<title>Inventaire des espaces d\u2019entreposage - CargoM<\/title>\n<meta name=\"robots\" content=\"index, follow, max-snippet:-1, max-image-preview:large, max-video-preview:-1\" \/>\n<link rel=\"canonical\" href=\"https:\/\/www.cargo-montreal.ca\/fr\/actions\/inventaire-des-espaces-dentreposage-2\/\" \/>\n<meta property=\"og:locale\" content=\"fr_FR\" \/>\n<meta property=\"og:type\" content=\"article\" \/>\n<meta property=\"og:title\" content=\"Inventaire des espaces d\u2019entreposage - CargoM\" \/>\n<meta property=\"og:description\" content=\"Mise en contexte \u2013 Inventaire des espaces d\u2019entreposage Au d\u00e9but de la pand\u00e9mie de la COVID-19, ainsi qu\u2019aux moments forts de la crise sanitaire, les besoins en entreposage \u00e9taient consid\u00e9rables. La fermeture des commerces et des entreprises a engendr\u00e9 des probl\u00e9matiques d\u2019entreposage de marchandises. Afin d\u2019aider nos membres ainsi que notre secteur, CargoM a alors [&hellip;]\" \/>\n<meta property=\"og:url\" content=\"https:\/\/www.cargo-montreal.ca\/fr\/actions\/inventaire-des-espaces-dentreposage-2\/\" \/>\n<meta property=\"og:site_name\" content=\"CargoM\" \/>\n<meta name=\"twitter:card\" content=\"summary_large_image\" \/>\n<meta name=\"twitter:label1\" content=\"Dur\u00e9e de lecture estim\u00e9e\" \/>\n\t<meta name=\"twitter:data1\" content=\"2 minutes\" \/>\n<script type=\"application\/ld+json\" class=\"yoast-schema-graph\">{\"@context\":\"https:\\\/\\\/schema.org\",\"@graph\":[{\"@type\":\"WebPage\",\"@id\":\"https:\\\/\\\/www.cargo-montreal.ca\\\/fr\\\/actions\\\/inventaire-des-espaces-dentreposage-2\\\/\",\"url\":\"https:\\\/\\\/www.cargo-montreal.ca\\\/fr\\\/actions\\\/inventaire-des-espaces-dentreposage-2\\\/\",\"name\":\"Inventaire des espaces d\u2019entreposage - CargoM\",\"isPartOf\":{\"@id\":\"https:\\\/\\\/www.cargo-montreal.ca\\\/fr\\\/#website\"},\"datePublished\":\"2024-03-28T19:26:41+00:00\",\"breadcrumb\":{\"@id\":\"https:\\\/\\\/www.cargo-montreal.ca\\\/fr\\\/actions\\\/inventaire-des-espaces-dentreposage-2\\\/#breadcrumb\"},\"inLanguage\":\"fr-FR\",\"potentialAction\":[{\"@type\":\"ReadAction\",\"target\":[\"https:\\\/\\\/www.cargo-montreal.ca\\\/fr\\\/actions\\\/inventaire-des-espaces-dentreposage-2\\\/\"]}]},{\"@type\":\"BreadcrumbList\",\"@id\":\"https:\\\/\\\/www.cargo-montreal.ca\\\/fr\\\/actions\\\/inventaire-des-espaces-dentreposage-2\\\/#breadcrumb\",\"itemListElement\":[{\"@type\":\"ListItem\",\"position\":1,\"name\":\"Home\",\"item\":\"https:\\\/\\\/www.cargo-montreal.ca\\\/fr\\\/\"},{\"@type\":\"ListItem\",\"position\":2,\"name\":\"Actions\",\"item\":\"https:\\\/\\\/www.cargo-montreal.ca\\\/fr\\\/actions\\\/\"},{\"@type\":\"ListItem\",\"position\":3,\"name\":\"Inventaire des espaces d\u2019entreposage\"}]},{\"@type\":\"WebSite\",\"@id\":\"https:\\\/\\\/www.cargo-montreal.ca\\\/fr\\\/#website\",\"url\":\"https:\\\/\\\/www.cargo-montreal.ca\\\/fr\\\/\",\"name\":\"CargoM\",\"description\":\"La mission de CargoM: Rassembler les acteurs de la logistique &amp; du transport de marchandises du Grand Montr\u00e9al autour d&#039;objectifs communs, d&#039;actions concert\u00e9es\",\"potentialAction\":[{\"@type\":\"SearchAction\",\"target\":{\"@type\":\"EntryPoint\",\"urlTemplate\":\"https:\\\/\\\/www.cargo-montreal.ca\\\/fr\\\/?s={search_term_string}\"},\"query-input\":{\"@type\":\"PropertyValueSpecification\",\"valueRequired\":true,\"valueName\":\"search_term_string\"}}],\"inLanguage\":\"fr-FR\"}]}<\/script>\n<!-- \/ Yoast SEO plugin. -->","yoast_head_json":{"title":"Inventaire des espaces d\u2019entreposage - CargoM","robots":{"index":"index","follow":"follow","max-snippet":"max-snippet:-1","max-image-preview":"max-image-preview:large","max-video-preview":"max-video-preview:-1"},"canonical":"https:\/\/www.cargo-montreal.ca\/fr\/actions\/inventaire-des-espaces-dentreposage-2\/","og_locale":"fr_FR","og_type":"article","og_title":"Inventaire des espaces d\u2019entreposage - CargoM","og_description":"Mise en contexte \u2013 Inventaire des espaces d\u2019entreposage Au d\u00e9but de la pand\u00e9mie de la COVID-19, ainsi qu\u2019aux moments forts de la crise sanitaire, les besoins en entreposage \u00e9taient consid\u00e9rables. La fermeture des commerces et des entreprises a engendr\u00e9 des probl\u00e9matiques d\u2019entreposage de marchandises. Afin d\u2019aider nos membres ainsi que notre secteur, CargoM a alors [&hellip;]","og_url":"https:\/\/www.cargo-montreal.ca\/fr\/actions\/inventaire-des-espaces-dentreposage-2\/","og_site_name":"CargoM","twitter_card":"summary_large_image","twitter_misc":{"Dur\u00e9e de lecture estim\u00e9e":"2 minutes"},"schema":{"@context":"https:\/\/schema.org","@graph":[{"@type":"WebPage","@id":"https:\/\/www.cargo-montreal.ca\/fr\/actions\/inventaire-des-espaces-dentreposage-2\/","url":"https:\/\/www.cargo-montreal.ca\/fr\/actions\/inventaire-des-espaces-dentreposage-2\/","name":"Inventaire des espaces d\u2019entreposage - CargoM","isPartOf":{"@id":"https:\/\/www.cargo-montreal.ca\/fr\/#website"},"datePublished":"2024-03-28T19:26:41+00:00","breadcrumb":{"@id":"https:\/\/www.cargo-montreal.ca\/fr\/actions\/inventaire-des-espaces-dentreposage-2\/#breadcrumb"},"inLanguage":"fr-FR","potentialAction":[{"@type":"ReadAction","target":["https:\/\/www.cargo-montreal.ca\/fr\/actions\/inventaire-des-espaces-dentreposage-2\/"]}]},{"@type":"BreadcrumbList","@id":"https:\/\/www.cargo-montreal.ca\/fr\/actions\/inventaire-des-espaces-dentreposage-2\/#breadcrumb","itemListElement":[{"@type":"ListItem","position":1,"name":"Home","item":"https:\/\/www.cargo-montreal.ca\/fr\/"},{"@type":"ListItem","position":2,"name":"Actions","item":"https:\/\/www.cargo-montreal.ca\/fr\/actions\/"},{"@type":"ListItem","position":3,"name":"Inventaire des espaces d\u2019entreposage"}]},{"@type":"WebSite","@id":"https:\/\/www.cargo-montreal.ca\/fr\/#website","url":"https:\/\/www.cargo-montreal.ca\/fr\/","name":"CargoM","description":"La mission de CargoM: Rassembler les acteurs de la logistique &amp; du transport de marchandises du Grand Montr\u00e9al autour d&#039;objectifs communs, d&#039;actions concert\u00e9es","potentialAction":[{"@type":"SearchAction","target":{"@type":"EntryPoint","urlTemplate":"https:\/\/www.cargo-montreal.ca\/fr\/?s={search_term_string}"},"query-input":{"@type":"PropertyValueSpecification","valueRequired":true,"valueName":"search_term_string"}}],"inLanguage":"fr-FR"}]}},"_links":{"self":[{"href":"https:\/\/www.cargo-montreal.ca\/fr\/wp-json\/wp\/v2\/pages\/16679","targetHints":{"allow":["GET"]}}],"collection":[{"href":"https:\/\/www.cargo-montreal.ca\/fr\/wp-json\/wp\/v2\/pages"}],"about":[{"href":"https:\/\/www.cargo-montreal.ca\/fr\/wp-json\/wp\/v2\/types\/page"}],"author":[{"embeddable":true,"href":"https:\/\/www.cargo-montreal.ca\/fr\/wp-json\/wp\/v2\/users\/284"}],"replies":[{"embeddable":true,"href":"https:\/\/www.cargo-montreal.ca\/fr\/wp-json\/wp\/v2\/comments?post=16679"}],"version-history":[{"count":1,"href":"https:\/\/www.cargo-montreal.ca\/fr\/wp-json\/wp\/v2\/pages\/16679\/revisions"}],"predecessor-version":[{"id":16761,"href":"https:\/\/www.cargo-montreal.ca\/fr\/wp-json\/wp\/v2\/pages\/16679\/revisions\/16761"}],"up":[{"embeddable":true,"href":"https:\/\/www.cargo-montreal.ca\/fr\/wp-json\/wp\/v2\/pages\/1756"}],"wp:attachment":[{"href":"https:\/\/www.cargo-montreal.ca\/fr\/wp-json\/wp\/v2\/media?parent=16679"}],"curies":[{"name":"wp","href":"https:\/\/api.w.org\/{rel}","templated":true}]}}