{"id":77,"date":"2014-12-18T20:41:05","date_gmt":"2014-12-18T20:41:05","guid":{"rendered":"http:\/\/cargowp\/?page_id=77"},"modified":"2016-05-02T16:00:29","modified_gmt":"2016-05-02T16:00:29","slug":"emplois","status":"publish","type":"page","link":"https:\/\/www.cargo-montreal.ca\/fr\/emplois\/","title":{"rendered":"EMPLOIS EN LOGISTIQUE ET TRANSPORT"},"content":{"rendered":"<div class=\"\">\r\n<h3><strong>TRANSPORT FERROVIAIRE<\/strong><\/h3>\r\n&nbsp;\r\n<h4><a href=\"http:\/\/jobs.cn.ca\/fr\/index.sn\">Canadien National<\/a>\u00a0:<\/h4>\r\n<ul>\r\n\t<li>Analyste Analyse de la main-d&rsquo;oeuvre<\/li>\r\n<\/ul>\r\n<a class=\"btn-link\" href=\"http:\/\/jobs.cn.ca\/fr\/index.sn\" target=\"_blank\">Consulter<\/a>\r\n\r\n&nbsp;\r\n<h3><strong>TRANSPORT ET TERMINAUX MARITIMES<\/strong><\/h3>\r\n<h4><\/h4>\r\n<h4><a href=\"http:\/\/www.oceanex.com\/fr\/\">Oc\u00e9anex<\/a>\u00a0:<\/h4>\r\n<ul>\r\n\t<li>Directeur g\u00e9n\u00e9ral &#8211; op\u00e9rations de Montr\u00e9al<\/li>\r\n<\/ul>\r\n<a class=\"btn-link\" href=\"http:\/\/www.oceanex.com\/fr\/carrieres-employes\/details-carrieres\/\" target=\"_blank\">Consulter<\/a>\r\n\r\n&nbsp;\r\n\r\n<\/div>\r\n<div class=\"\">\r\n<h4><a href=\"http:\/\/cslships.com\/fr\/\">Groupe Desgagn\u00e9s<\/a>\u00a0:<\/h4>\r\n<ul>\r\n\t<li>Coordonnateur-Navigation \/ Petro-Nav \/ Montr\u00e9al<\/li>\r\n<\/ul>\r\n<a class=\"btn-link\" href=\"http:\/\/emplois.desgagnes.com\/language\/offers.aspx\" target=\"_blank\">Consulter<\/a>\r\n\r\n<\/div>\r\n<h4><\/h4>\r\n<h4><a href=\"http:\/\/cslships.com\/fr\/\">Groupe CSL inc.\u00a0<\/a>\u00a0:<\/h4>\r\n<ul>\r\n\t<li>Capitaine pour les Grands Lacs<\/li>\r\n<\/ul>\r\n<a class=\"btn-link\" href=\"http:\/\/www.cslships.com\/fr\/carrieres\/opportunites\" target=\"_blank\">Consulter<\/a>\r\n\r\n&nbsp;\r\n<h4><a href=\"http:\/\/cslships.com\/fr\/\">Groupe TYT<\/a>\u00a0:<\/h4>\r\n<ul>\r\n\t<li>\r\n<div>Conducteur v\u00e9hicule lourd<\/div><\/li>\r\n\t<li>\r\n<div>M\u00e9canicien v\u00e9hicule lourd \/ m\u00e9canicien remorque<\/div><\/li>\r\n<\/ul>\r\n<a class=\"btn-link\" href=\"http:\/\/www.groupetyt.ca\/faire-carriere#postes\" target=\"_blank\">Consulter<\/a>\r\n\r\n&nbsp;\r\n<div class=\"\">\r\n<h4><a href=\"http:\/\/www.logistec.com\/fr\/\">Logistec Corporation<\/a>\u00a0:<\/h4>\r\n<ul>\r\n\t<li>\r\n<div>Directeur des op\u00e9rations<\/div><\/li>\r\n\t<li>\r\n<div>Surintendent des op\u00e9rations<\/div><\/li>\r\n<\/ul>\r\n<a class=\"btn-link\" href=\"http:\/\/www.logistec.com\/fr\/emplois-disponibles-2\/\" target=\"_blank\">Consulter<\/a>\r\n\r\n&nbsp;\r\n<h4><a href=\"http:\/\/www.neas.ca\/fr\/\">Groupe NEAS<\/a>\u00a0:<\/h4>\r\n<ul>\r\n\t<li>Coordinnateur \/ coordinnatrice aux ventes et service \u00e0 la client\u00e8le<\/li>\r\n<\/ul>\r\n<a class=\"btn-link\" href=\"https:\/\/www.cargo-montreal.ca\/pdf\/JobDescriptionFrench.pdf\" target=\"_blank\">Consulter<\/a>\r\n\r\n&nbsp;\r\n<h3><strong>TRANSPORT ROUTIER ET INTERM\u00c9DIAIRES EN LOGISTIQUE<\/strong><\/h3>\r\n<h4><a href=\"http:\/\/ca.kuehne-nagel.com\/fr_ca\/\">Kuehne + Nagel :<\/a><\/h4>\r\n<ul>\r\n\t<li>KNPS Engineer_Mirabel<\/li>\r\n<\/ul>\r\n<a href=\"https:\/\/www.cargo-montreal.ca\/wp-content\/uploads\/2016\/02\/Job_Description_KNPS-Engineer_Mirabel.pdf\">Consulter<\/a>\r\n<h4><a href=\"http:\/\/www.simard.ca\/\">Simard transport<\/a>\u00a0:<\/h4>\r\n<ul>\r\n\t<li>R\u00e9partiteur (trice)<\/li>\r\n<\/ul>\r\n<a href=\"http:\/\/www.simard.ca\/frameset.asp?lang=F\" target=\"_blank\">Consulter<\/a>\r\n\r\n&nbsp;\r\n<h4><a href=\"http:\/\/www.gtgroupinc.com\/fr\/\">GT Group inc<\/a>\u00a0:<\/h4>\r\n<ul>\r\n\t<li>\r\n<div>Directeur g\u00e9n\u00e9ral<\/div><\/li>\r\n\t<li>\r\n<div>Programmeur \/ analyste<\/div><\/li>\r\n\t<li>Mechanic Diesel supervisor<\/li>\r\n<\/ul>\r\n<a class=\"btn-link\" href=\"http:\/\/www.profilesoft.ca\/iel_gtgroup\/\" target=\"_blank\">Consulter<\/a>\r\n<h4><a href=\"http:\/\/jobs.panalpina.com\/\">METRO Logisitcis inc.<\/a>\u00a0:<\/h4>\r\n<\/div>\r\n<ul>\r\n\t<li>Superviseur De Production Co-Pack<\/li>\r\n\t<li>Gerant Senior Aux Operation<\/li>\r\n\t<li>Pr\u00e9parateur de commandes<\/li>\r\n\t<li>Op\u00e9rateur \u00e9l\u00e9vateur<\/li>\r\n<\/ul>\r\n<a href=\"http:\/\/metroscg.com\/francais\/careers.php\" target=\"_blank\">Consulter<\/a>\r\n\r\n&nbsp;\r\n<div class=\"\">\r\n<h3><strong>ADMINISTRATIONS ET INFRASTRUCTURES PARTAG\u00c9ES<\/strong><\/h3>\r\n<h4><\/h4>\r\n<strong>INSTITUTIONS D&rsquo;ENSEIGNEMENT ET DE RECHERCHE<\/strong>\r\n\r\n<a href=\"http:\/\/esg.uqam.ca\/\">ESG UQAM<\/a>\u00a0:\r\n<ul>\r\n\t<li>Directeur des ventes Web<\/li>\r\n\t<li>Marchandiseurs &#8211; Montr\u00e9al<\/li>\r\n\t<li>Superviseur aux op\u00e9rations de nuit<\/li>\r\n\t<li>Directeur de l\u2019approvisionnement et de la logistique<\/li>\r\n\t<li>Coordonnateur de projet<\/li>\r\n<\/ul>\r\n<a class=\"btn-link\" href=\"http:\/\/www.cgc.esg.uqam.ca\/a-propos\/8-emplois\/304-offres-d-emploi.html\" target=\"_blank\">Consulter<\/a>\r\n\r\n&nbsp;\r\n\r\n<\/div>","protected":false},"excerpt":{"rendered":"TRANSPORT FERROVIAIRE &nbsp; Canadien National\u00a0: Analyste Analyse de la main-d&rsquo;oeuvre Consulter &nbsp; TRANSPORT ET TERMINAUX MARITIMES Oc\u00e9anex\u00a0: Directeur g\u00e9n\u00e9ral &#8211; op\u00e9rations de Montr\u00e9al Consulter &nbsp; Groupe Desgagn\u00e9s\u00a0: Coordonnateur-Navigation \/ Petro-Nav \/ Montr\u00e9al Consulter Groupe CSL inc.\u00a0\u00a0: Capitaine pour les Grands Lacs Consulter &nbsp; Groupe TYT\u00a0: Conducteur v\u00e9hicule lourd M\u00e9canicien v\u00e9hicule lourd \/ m\u00e9canicien remorque Consulter [&hellip;]","protected":false},"author":1,"featured_media":0,"parent":0,"menu_order":4,"comment_status":"open","ping_status":"open","template":"","meta":{"_acf_changed":false,"footnotes":""},"class_list":["post-77","page","type-page","status-publish","hentry"],"acf":[],"yoast_head":"<!-- This site is optimized with the Yoast SEO plugin v27.3 - https:\/\/yoast.com\/product\/yoast-seo-wordpress\/ -->\n<title>EMPLOIS EN LOGISTIQUE ET TRANSPORT - CargoM<\/title>\n<meta name=\"robots\" content=\"index, follow, max-snippet:-1, max-image-preview:large, max-video-preview:-1\" \/>\n<link rel=\"canonical\" href=\"https:\/\/www.cargo-montreal.ca\/fr\/emplois\/\" \/>\n<meta property=\"og:locale\" content=\"fr_FR\" \/>\n<meta property=\"og:type\" content=\"article\" \/>\n<meta property=\"og:title\" content=\"EMPLOIS EN LOGISTIQUE ET TRANSPORT - CargoM\" \/>\n<meta property=\"og:description\" content=\"TRANSPORT FERROVIAIRE &nbsp; Canadien National\u00a0: Analyste Analyse de la main-d&rsquo;oeuvre Consulter &nbsp; TRANSPORT ET TERMINAUX MARITIMES Oc\u00e9anex\u00a0: Directeur g\u00e9n\u00e9ral &#8211; op\u00e9rations de Montr\u00e9al Consulter &nbsp; Groupe Desgagn\u00e9s\u00a0: Coordonnateur-Navigation \/ Petro-Nav \/ Montr\u00e9al Consulter Groupe CSL inc.\u00a0\u00a0: Capitaine pour les Grands Lacs Consulter &nbsp; Groupe TYT\u00a0: Conducteur v\u00e9hicule lourd M\u00e9canicien v\u00e9hicule lourd \/ m\u00e9canicien remorque Consulter [&hellip;]\" \/>\n<meta property=\"og:url\" content=\"https:\/\/www.cargo-montreal.ca\/fr\/emplois\/\" \/>\n<meta property=\"og:site_name\" content=\"CargoM\" \/>\n<meta property=\"article:modified_time\" content=\"2016-05-02T16:00:29+00:00\" \/>\n<meta name=\"twitter:card\" content=\"summary_large_image\" \/>\n<meta name=\"twitter:label1\" content=\"Dur\u00e9e de lecture estim\u00e9e\" \/>\n\t<meta name=\"twitter:data1\" content=\"1 minute\" \/>\n<script type=\"application\/ld+json\" class=\"yoast-schema-graph\">{\"@context\":\"https:\\\/\\\/schema.org\",\"@graph\":[{\"@type\":\"WebPage\",\"@id\":\"https:\\\/\\\/www.cargo-montreal.ca\\\/fr\\\/emplois\\\/\",\"url\":\"https:\\\/\\\/www.cargo-montreal.ca\\\/fr\\\/emplois\\\/\",\"name\":\"EMPLOIS EN LOGISTIQUE ET TRANSPORT - CargoM\",\"isPartOf\":{\"@id\":\"https:\\\/\\\/www.cargo-montreal.ca\\\/fr\\\/#website\"},\"datePublished\":\"2014-12-18T20:41:05+00:00\",\"dateModified\":\"2016-05-02T16:00:29+00:00\",\"breadcrumb\":{\"@id\":\"https:\\\/\\\/www.cargo-montreal.ca\\\/fr\\\/emplois\\\/#breadcrumb\"},\"inLanguage\":\"fr-FR\",\"potentialAction\":[{\"@type\":\"ReadAction\",\"target\":[\"https:\\\/\\\/www.cargo-montreal.ca\\\/fr\\\/emplois\\\/\"]}]},{\"@type\":\"BreadcrumbList\",\"@id\":\"https:\\\/\\\/www.cargo-montreal.ca\\\/fr\\\/emplois\\\/#breadcrumb\",\"itemListElement\":[{\"@type\":\"ListItem\",\"position\":1,\"name\":\"Home\",\"item\":\"https:\\\/\\\/www.cargo-montreal.ca\\\/fr\\\/\"},{\"@type\":\"ListItem\",\"position\":2,\"name\":\"EMPLOIS EN LOGISTIQUE ET TRANSPORT\"}]},{\"@type\":\"WebSite\",\"@id\":\"https:\\\/\\\/www.cargo-montreal.ca\\\/fr\\\/#website\",\"url\":\"https:\\\/\\\/www.cargo-montreal.ca\\\/fr\\\/\",\"name\":\"CargoM\",\"description\":\"La mission de CargoM: Rassembler les acteurs de la logistique &amp; du transport de marchandises du Grand Montr\u00e9al autour d&#039;objectifs communs, d&#039;actions concert\u00e9es\",\"potentialAction\":[{\"@type\":\"SearchAction\",\"target\":{\"@type\":\"EntryPoint\",\"urlTemplate\":\"https:\\\/\\\/www.cargo-montreal.ca\\\/fr\\\/?s={search_term_string}\"},\"query-input\":{\"@type\":\"PropertyValueSpecification\",\"valueRequired\":true,\"valueName\":\"search_term_string\"}}],\"inLanguage\":\"fr-FR\"}]}<\/script>\n<!-- \/ Yoast SEO plugin. -->","yoast_head_json":{"title":"EMPLOIS EN LOGISTIQUE ET TRANSPORT - CargoM","robots":{"index":"index","follow":"follow","max-snippet":"max-snippet:-1","max-image-preview":"max-image-preview:large","max-video-preview":"max-video-preview:-1"},"canonical":"https:\/\/www.cargo-montreal.ca\/fr\/emplois\/","og_locale":"fr_FR","og_type":"article","og_title":"EMPLOIS EN LOGISTIQUE ET TRANSPORT - CargoM","og_description":"TRANSPORT FERROVIAIRE &nbsp; Canadien National\u00a0: Analyste Analyse de la main-d&rsquo;oeuvre Consulter &nbsp; TRANSPORT ET TERMINAUX MARITIMES Oc\u00e9anex\u00a0: Directeur g\u00e9n\u00e9ral &#8211; op\u00e9rations de Montr\u00e9al Consulter &nbsp; Groupe Desgagn\u00e9s\u00a0: Coordonnateur-Navigation \/ Petro-Nav \/ Montr\u00e9al Consulter Groupe CSL inc.\u00a0\u00a0: Capitaine pour les Grands Lacs Consulter &nbsp; Groupe TYT\u00a0: Conducteur v\u00e9hicule lourd M\u00e9canicien v\u00e9hicule lourd \/ m\u00e9canicien remorque Consulter [&hellip;]","og_url":"https:\/\/www.cargo-montreal.ca\/fr\/emplois\/","og_site_name":"CargoM","article_modified_time":"2016-05-02T16:00:29+00:00","twitter_card":"summary_large_image","twitter_misc":{"Dur\u00e9e de lecture estim\u00e9e":"1 minute"},"schema":{"@context":"https:\/\/schema.org","@graph":[{"@type":"WebPage","@id":"https:\/\/www.cargo-montreal.ca\/fr\/emplois\/","url":"https:\/\/www.cargo-montreal.ca\/fr\/emplois\/","name":"EMPLOIS EN LOGISTIQUE ET TRANSPORT - CargoM","isPartOf":{"@id":"https:\/\/www.cargo-montreal.ca\/fr\/#website"},"datePublished":"2014-12-18T20:41:05+00:00","dateModified":"2016-05-02T16:00:29+00:00","breadcrumb":{"@id":"https:\/\/www.cargo-montreal.ca\/fr\/emplois\/#breadcrumb"},"inLanguage":"fr-FR","potentialAction":[{"@type":"ReadAction","target":["https:\/\/www.cargo-montreal.ca\/fr\/emplois\/"]}]},{"@type":"BreadcrumbList","@id":"https:\/\/www.cargo-montreal.ca\/fr\/emplois\/#breadcrumb","itemListElement":[{"@type":"ListItem","position":1,"name":"Home","item":"https:\/\/www.cargo-montreal.ca\/fr\/"},{"@type":"ListItem","position":2,"name":"EMPLOIS EN LOGISTIQUE ET TRANSPORT"}]},{"@type":"WebSite","@id":"https:\/\/www.cargo-montreal.ca\/fr\/#website","url":"https:\/\/www.cargo-montreal.ca\/fr\/","name":"CargoM","description":"La mission de CargoM: Rassembler les acteurs de la logistique &amp; du transport de marchandises du Grand Montr\u00e9al autour d&#039;objectifs communs, d&#039;actions concert\u00e9es","potentialAction":[{"@type":"SearchAction","target":{"@type":"EntryPoint","urlTemplate":"https:\/\/www.cargo-montreal.ca\/fr\/?s={search_term_string}"},"query-input":{"@type":"PropertyValueSpecification","valueRequired":true,"valueName":"search_term_string"}}],"inLanguage":"fr-FR"}]}},"_links":{"self":[{"href":"https:\/\/www.cargo-montreal.ca\/fr\/wp-json\/wp\/v2\/pages\/77","targetHints":{"allow":["GET"]}}],"collection":[{"href":"https:\/\/www.cargo-montreal.ca\/fr\/wp-json\/wp\/v2\/pages"}],"about":[{"href":"https:\/\/www.cargo-montreal.ca\/fr\/wp-json\/wp\/v2\/types\/page"}],"author":[{"embeddable":true,"href":"https:\/\/www.cargo-montreal.ca\/fr\/wp-json\/wp\/v2\/users\/1"}],"replies":[{"embeddable":true,"href":"https:\/\/www.cargo-montreal.ca\/fr\/wp-json\/wp\/v2\/comments?post=77"}],"version-history":[{"count":68,"href":"https:\/\/www.cargo-montreal.ca\/fr\/wp-json\/wp\/v2\/pages\/77\/revisions"}],"predecessor-version":[{"id":2117,"href":"https:\/\/www.cargo-montreal.ca\/fr\/wp-json\/wp\/v2\/pages\/77\/revisions\/2117"}],"wp:attachment":[{"href":"https:\/\/www.cargo-montreal.ca\/fr\/wp-json\/wp\/v2\/media?parent=77"}],"curies":[{"name":"wp","href":"https:\/\/api.w.org\/{rel}","templated":true}]}}